{"id":49,"date":"2023-08-05T01:50:45","date_gmt":"2023-08-04T23:50:45","guid":{"rendered":"https:\/\/steigen.sv.no\/?page_id=49"},"modified":"2023-08-07T16:21:53","modified_gmt":"2023-08-07T14:21:53","slug":"valgprogram-steigen-sv-2023-2027","status":"publish","type":"page","link":"https:\/\/steigen.sv.no\/","title":{"rendered":"Valgprogram Steigen SV 2023-2027\u00a0"},"content":{"rendered":"\n<figure class=\"wp-block-image size-large is-resized\"><img loading=\"lazy\" decoding=\"async\" src=\"https:\/\/steigen.sv.no\/wp-content\/uploads\/sites\/73\/2023\/08\/img_20180726_220003-1-1024x768.jpg\" alt=\"\" class=\"wp-image-89\" width=\"840\" height=\"630\" \/><\/figure>\n\n\n\n<p>Steigen SVs tre hovedm\u00e5l de neste 4 \u00e5rene:<\/p>\n\n\n\n<p><\/p>\n\n\n\n<p class=\"has-text-color\" style=\"color:#eb4040\"><strong>BEDRE HVERDAG I STEIGEN.<\/strong><br>Vi kjemper for et samfunn med sm\u00e5 forskjeller hvor ingen faller<br>utenfor. Da m\u00e5 vi bygge sterke fellesskap og sikre at barna v\u00e5re<br>f\u00e5r en god oppvekst. Da investerer vi b\u00e5de i fremtiden og sikrer<br>tilflytting og rekruttering av folk som igjen er n\u00f8dvendig for \u00e5 gi<br>en god oppvekst og gode helsetjenester til alle.<\/p>\n\n\n\n<p class=\"has-text-color\" style=\"color:#440c1a\"><strong>UTVIKLE MULIGHETENS STEIGEN:<\/strong><br>Med aktiv distriktspolitikk, gode boliger, en n\u00e6ringspolitikk for<br>fremtiden og trygge arbeidsplasser utvikler vi Steigen sammen.<br>Steigen har store muligheter, og vi skal kjempe for Steigens interesser fremover.<\/p>\n\n\n\n<p class=\"has-text-color\" style=\"color:#539760\"><strong>GR\u00d8NNE STEIGEN:<br><\/strong>Steigen er en liten del av verden, men ogs\u00e5 vi er en del av l\u00f8sningen i kampen mot klimaendringer. Vi m\u00e5 ta vare p\u00e5 naturen v\u00e5r,<br>b\u00e5de p\u00e5 land og i havet som vi lever av.<\/p>\n\n\n\n<p><\/p>\n\n\n\n<figure class=\"wp-block-image size-large\"><img loading=\"lazy\" decoding=\"async\" width=\"1024\" height=\"683\" src=\"https:\/\/steigen.sv.no\/wp-content\/uploads\/sites\/73\/2023\/08\/241135409_4575888405795075_4706335367814719478_n-1-1024x683.jpg\" alt=\"\" class=\"wp-image-50\" \/><\/figure>\n\n\n\n<p><\/p>\n\n\n\n<p class=\"has-text-align-center\"><strong><em>\u2019\u2019Vi m\u00e5 ta vare p\u00e5 naturen<br>v\u00e5r, b\u00e5de p\u00e5 land og i havet<br>som vi lever av<strong><em>\u2019\u2019<\/em><\/strong>.<\/em><\/strong><\/p>\n\n\n\n<p><\/p>\n\n\n\n<h2 class=\"wp-block-heading has-text-color has-background\" style=\"color:#f2ebdd;background-color:#440c1a\">Bedre hverdag i Steigen<\/h2>\n\n\n\n<p class=\"has-background\" style=\"background-color:#440c1a\"><mark style=\"background-color:#440c1a;color:#f2ebdd\" class=\"has-inline-color\">Kommunens viktigste oppgave er \u00e5 ta vare p\u00e5 alle innbyggere,<br>enten det er med barnehage, skole, legehjelp, jordmor, psykolog eller bolig. Kommunen skal f\u00f8lge deg fra vugge til grav. Kommunens inntekter er for sm\u00e5, og vi kan ikke bruke mer penger enn det vi har. Samtidig skal vi investere for fremtiden, slik at Steigen blir en god kommune for v\u00e5re unge og v\u00e5re eldre. Slik sikrer vi videre befolkningsvekst og helt n\u00f8dvendig rekruttering. Steigen SV mener v\u00e5re grunnleggende tjenester skal drives av kommunen, og sier klart NEI til privatisering av barnehager og andre velferdstjenester. Barn og ungdom er v\u00e5r fremtid og st\u00f8rste ressurs. Ingen skal<br>falle utenfor, og forebygging og tidlig innsats er helt sentralt<br>for \u00e5 f\u00e5 dette til.<\/mark><\/p>\n\n\n\n<h2 class=\"wp-block-heading has-text-color\" style=\"color:#eb4040\">SV vil:<\/h2>\n\n\n\n<ul class=\"wp-block-list\">\n<li>At kommunens ansatte skal ha faste stillinger; og v\u00e5re tjenester ikke skal driftes av vikarbyr\u00e5er&nbsp;<\/li>\n\n\n\n<li>Innf\u00f8re en tiltakspakke for \u00e5 rekruttere og beholde ansatte i Steigen kommune&nbsp;<\/li>\n\n\n\n<li>Satse stort p\u00e5 et pedagog &#8211; og kompetansel\u00f8ft i barnehagene og skolen, med kurs og videreutdanning i arbeidstiden&nbsp;<\/li>\n\n\n\n<li>At kommunen skal g\u00e5 i front ved bruk av l\u00e6rlinger, ogs\u00e5 innenfor helsesektoren Lage en handlingsplan for tidlig innsats og ung inkludering. Ingen skal falle utenfor&nbsp;<\/li>\n\n\n\n<li>Sikre at ungdom og eldre kan delta p\u00e5 aktiviteter ved \u00e5 etablere ordninger for transport&nbsp;<\/li>\n\n\n\n<li>Endre eiendomsskatten slik at den f\u00e5r en bedre sosial profil&nbsp;<\/li>\n\n\n\n<li>Styrke kvaliteten i barnehagene og at de f\u00e5r mer midler, ogs\u00e5 til l\u00f8nn&nbsp;<\/li>\n\n\n\n<li>Sikre at det er tilgjengelige barnehageplasser i hele Steigen, og utrede barnehage i Bogen. P\u00e5 sikt senke prisene for barnehageplass<\/li>\n\n\n\n<li>At kommunens ansatte skal ha faste stillinger; og v\u00e5re tjenester ikke skal driftes av vikarbyr\u00e5er&nbsp;<\/li>\n\n\n\n<li>Innf\u00f8re en tiltakspakke for \u00e5 rekruttere og beholde ansatte i Steigen kommune&nbsp;<\/li>\n\n\n\n<li>Satse stort p\u00e5 et pedagog &#8211; og kompetansel\u00f8ft i barnehagene og skolen, med kurs og videreutdanning i arbeidstiden&nbsp;<\/li>\n\n\n\n<li>At kommunen skal g\u00e5 i front ved bruk av l\u00e6rlinger, ogs\u00e5 innenfor helsesektoren Lage en handlingsplan for tidlig innsats og ung inkludering. Ingen skal falle utenfor&nbsp;<\/li>\n\n\n\n<li>Sikre at ungdom og eldre kan delta p\u00e5 aktiviteter ved \u00e5 etablere ordninger for transport&nbsp;<\/li>\n\n\n\n<li>Endre eiendomsskatten slik at den f\u00e5r en bedre sosial profil&nbsp;<\/li>\n\n\n\n<li>Styrke kvaliteten i barnehagene og at de f\u00e5r mer midler, ogs\u00e5 til l\u00f8nn&nbsp;<\/li>\n\n\n\n<li>Sikre at det er tilgjengelige barnehageplasser i hele Steigen, og utrede barnehage i Bogen. P\u00e5 sikt senke prisene for barnehageplass<\/li>\n\n\n\n<li>Etablere uteomr\u00e5der rundt v\u00e5re barnehager og skoler, for bruk som l\u00e6ringsarena, sikre fysisk aktivitet og m\u00f8teplasser i n\u00e6rmilj\u00f8et Fortsatt sikre h\u00f8y deltakelse og kvalitet p\u00e5 SFO og jobbe videre for \u00e5 innf\u00f8re gratis SFO og ferie-SFO&nbsp;<\/li>\n\n\n\n<li>Satse mer p\u00e5 \u00e5 ta bruk andre arenaer enn klasserommet til praksisn\u00e6r l\u00e6ring&nbsp;<\/li>\n\n\n\n<li>Sikre en desentralisert skolestruktur, med en Steigenskole som jobber mer sammen for best mulig kvalitet&nbsp;<\/li>\n\n\n\n<li>Helrenovere Nordfold skole&nbsp;<\/li>\n\n\n\n<li>Starte en pr\u00f8veordning med skolelekser i stedet for hjemmelekser for de minste klassetrinnene i grunnskolen, i dialog med l\u00e6rere, l\u00e6rerorganisasjonene og FAU<\/li>\n\n\n\n<li>Sikre god digital kompetanse for l\u00e6rere og elever i grunnskolen&nbsp;<\/li>\n\n\n\n<li>Jobbe frem ordninger med gratis skolefrukt og mat i grunnskolen&nbsp;<\/li>\n\n\n\n<li>Sikre et bedre sv\u00f8mmetilbud, spesielt for barn og unge.&nbsp;<\/li>\n\n\n\n<li>Sikre trygge skoleveier med lavere fartsgrenser og fartsdumper&nbsp;<\/li>\n\n\n\n<li>S\u00f8rge for at Steigen kommune blir en selvmordsforebyggende kommune med en egen handlingsplan&nbsp;<\/li>\n\n\n\n<li>Sikre en skolehelsetjeneste som kan v\u00e6re n\u00e6r alle v\u00e5re skoleelever og \u00f8ke kunnskapen om psykisk helse&nbsp;<\/li>\n\n\n\n<li>Forbedre tilbudet innenfor psykisk helse, med \u00f8kt satsing p\u00e5 forebygging, tidlig innsats og senke terskelen for be om og motta hjelp&nbsp;<\/li>\n\n\n\n<li>Legge til rette for at det blir mulig \u00e5 hente ut gratis bind og tamponger i grunnskolen&nbsp;<\/li>\n\n\n\n<li>Sikre en solid jordmorberedskap, og jobbe for en solid ambulansetjeneste<\/li>\n\n\n\n<li>Utvikle hjemmetjenesten og omsorgsboligene&nbsp;<\/li>\n\n\n\n<li>Sikre en god eldreomsorg, med fokus p\u00e5 forebygging, helsefremmende m\u00f8teplasser og eldre som en ressurs&nbsp;<\/li>\n\n\n\n<li>Sikre at maten som tilbys v\u00e5re eldre er av h\u00f8y kvalitet, og ogs\u00e5 er fra lokale leverand\u00f8rer&nbsp;<\/li>\n\n\n\n<li>Fortsette \u00e5 bosette flyktninger og fortsette innsatsen i spr\u00e5koppl\u00e6ring<\/li>\n<\/ul>\n\n\n\n<figure class=\"wp-block-image size-large\"><img loading=\"lazy\" decoding=\"async\" width=\"768\" height=\"1024\" src=\"https:\/\/steigen.sv.no\/wp-content\/uploads\/sites\/73\/2023\/08\/img_20230714_115753-3-768x1024.jpg\" alt=\"\" class=\"wp-image-97\" \/><\/figure>\n\n\n\n<div class=\"wp-block-group is-layout-constrained wp-block-group-is-layout-constrained\">\n<h2 class=\"wp-block-heading has-background\" style=\"background-color:#253325\"><mark style=\"background-color:#253325;color:#eb4040\" class=\"has-inline-color\">Utvikle mulighetenes Steigen<\/mark><\/h2>\n\n\n\n<div class=\"wp-block-group is-layout-constrained wp-block-group-is-layout-constrained\">\n<p class=\"has-background\" style=\"background-color:#253325\"><mark style=\"background-color:#253325;color:#f2ebdd\" class=\"has-inline-color\">Vi trenger fortsatt \u00e5 satse p\u00e5 tilflytting, tilrettelegge for n\u00e6ringsdrivende og sikre oss innbyggere en god samferdsel. Tilgang p\u00e5 boliger har lenge v\u00e6rt en flaskehals for utvikling<br>og rekruttering i Steigen. Samtidig er gode boliger sv\u00e6rt viktige for et godt liv. Selv om det private hovedsakelig st\u00e5r for bygging og utleie, skal Steigen kommune ha en aktiv boligpolitikk som sikrer b\u00e5de utvikling og at alle som trenger det f\u00e5r en god bolig. I n\u00e6ringspolitikken m\u00e5 vi ha mange bein \u00e5 st\u00e5 p\u00e5 i en verden som endrer seg raskt. Som kystsamfunn haster det \u00e5 sikre rekruttering til fiskerin\u00e6ringen v\u00e5r. Vi trenger ogs\u00e5 flere b\u00f8nder som gir oss ren og trygg mat og bidrar til matsikkerhet og beredskap. Videre vet vi at vi trenger vi \u00e5 fylle livene v\u00e5re med mer kultur.<\/mark><\/p>\n<\/div>\n\n\n\n<div class=\"wp-block-group is-layout-constrained wp-block-group-is-layout-constrained\">\n<figure class=\"wp-block-image size-large is-resized\"><img loading=\"lazy\" decoding=\"async\" src=\"https:\/\/steigen.sv.no\/wp-content\/uploads\/sites\/73\/2023\/08\/img_6519-1-768x1024.jpg\" alt=\"\" class=\"wp-image-92\" width=\"840\" height=\"1120\" \/><\/figure>\n<\/div>\n\n\n\n<h2 class=\"wp-block-heading has-text-color\" style=\"color:#eb4040\">SV vil<\/h2>\n<\/div>\n\n\n\n<ul class=\"has-text-color has-background wp-block-list\" style=\"color:#f2ebdd;background-color:#253325\">\n<li>Videreutvikle Lev i Steigen; Steigen skal v\u00e6re best p\u00e5 tilflytting i Norge<\/li>\n\n\n\n<li>Sikre et vern mot nedbygging av landbruksareal og kulturlandskap<\/li>\n\n\n\n<li>Ha en nullvisjon mot tap av matjord&nbsp;<\/li>\n\n\n\n<li>Sikre en variert bruksstruktur i landbruket&nbsp;<\/li>\n\n\n\n<li>Prioritere tiltak for \u00e5 \u00f8ke rekrutteringen til fiskerin\u00e6ringen&nbsp;<\/li>\n\n\n\n<li>Legge til rette for at n\u00e6ringslivet tar del i det gr\u00f8nne skiftet&nbsp;<\/li>\n\n\n\n<li>Sikre forsterket b\u00e6rekraft i havbruksn\u00e6ringen, hvor milj\u00f8p\u00e5virkning og dyrevelferd blir hensyntatt<\/li>\n\n\n\n<li>Videreutvikle reiselivet med fokus p\u00e5 b\u00e6rekraft i dialog med lokalbefolkningen&nbsp;<\/li>\n\n\n\n<li>Innf\u00f8re turistskatt i Steigen, slik at vi bedre kan legge til rette for bes\u00f8kende og gi \u00f8kt b\u00e6rekraft<\/li>\n\n\n\n<li>Samarbeide med utbyggere om \u00e5 bygge aldersvennlige boliger i grendesentrene<\/li>\n\n\n\n<li>At kommunen skal regulere flere eiendommer, b\u00e5de til bolig og hyttebygging, for \u00e5 unng\u00e5 at brukte boliger blir brukt til hytter<\/li>\n\n\n\n<li>Bidra til \u00e5 f\u00e5 bygd flere boliger, spesielt &laquo;leie-til-eie&raquo; konsepter<\/li>\n\n\n\n<li>Sikre vedlikehold av kommunale boliger og veier<\/li>\n\n\n\n<li>Arbeide for \u00e5 oppgradere v\u00e5re bygdesentre som attraktive m\u00f8teplasser, et sentrumsl\u00f8ft for Leinesfjord og Helnessund<\/li>\n\n\n\n<li>\u00d8ke kompetansen i hele kommunen for \u00e5 tiltrekke gode prosjekter og finansiering til Steigen&nbsp;<\/li>\n\n\n\n<li>Styrke kultursatsingen i kommunen<\/li>\n\n\n\n<li>Sikre friplasser i kulturskolen og idretten&nbsp;<\/li>\n\n\n\n<li>Jobbe for ny museumsbygning p\u00e5 Batteri Dietl<\/li>\n\n\n\n<li>Utvikle bibliotek, inkludert mer \u00e5pent bibliotek og vurdere nye lokaler<\/li>\n\n\n\n<li>Sikre samisk spr\u00e5k, kultur, historie og h\u00e5ndverk<\/li>\n<\/ul>\n\n\n\n<hr class=\"wp-block-separator has-alpha-channel-opacity\" \/>\n\n\n\n<p><\/p>\n\n\n\n<h2 class=\"wp-block-heading has-text-color has-background\" style=\"color:#253325;background-color:#539760\">Gr\u00f8nne Steigen<\/h2>\n\n\n\n<p class=\"has-background\" style=\"background-color:#539760\">Steigen SV vil at hensynet til klima, milj\u00f8 og natur skal vektes sv\u00e6rt tungt i alt vi driver med i Steigen. Det vil v\u00e6re b\u00e5de riktig, men ogs\u00e5 viktig for \u00e5 holde tritt med utviklingen i det gr\u00f8nne skiftet. Vi har alltid levd av og med naturen i Steigen, og hvis vi fortsatt skal ha ren og sunn mat, trenger vi \u00e5 ta vare p\u00e5 naturen v\u00e5r og klimaet.<\/p>\n\n\n\n<p class=\"has-background\" style=\"background-color:#539760\">Steigen SV mener at bygda ogs\u00e5 skal bli gr\u00f8nnere, og tilrettelegge for en bygdevennlig milj\u00f8politikk.<\/p>\n\n\n\n<p class=\"has-background\" style=\"background-color:#539760\">Steigen er stort geografisk, b\u00e5de til lands og til havs, men det er likevel press p\u00e5 arealene v\u00e5re. Arealpolitikken er noe av det viktigste lokalpolitikken r\u00e5der over, og her skiller SV seg fra mange andre partier. Vi m\u00e5 v\u00e6re sv\u00e6rt restriktive med \u00e5 bygge ned matjord eller naturen v\u00e5r.<\/p>\n\n\n\n<h2 class=\"wp-block-heading has-text-color\" style=\"color:#253325\">SV vil:<\/h2>\n\n\n\n<ul class=\"wp-block-list\">\n<li>Lage en klimaplan for at Steigen kommune skal bli en nullutslipps-kommune<\/li>\n\n\n\n<li>Jobbe for at alle transportformer bruker lav &#8211; og nullutslippsl\u00f8sninger&nbsp;<\/li>\n\n\n\n<li>Etablere et regionalt samarbeid p\u00e5 klimafronten, sammen med Salten-kommunene&nbsp;<\/li>\n\n\n\n<li>Jobbe for at det etableres bygdemilj\u00f8pakker, slik at vi ogs\u00e5 kan bli \u201cgr\u00f8nne\u201d p\u00e5 bygda&nbsp;<\/li>\n\n\n\n<li>Fortsatt ta vare p\u00e5 friluftsomr\u00e5dene og sikre allemannsretten, inkl. strandsonen<\/li>\n\n\n\n<li>Sikre et godt oppdatert datagrunnlag med oversikt over viktige n\u00e6ringer, naturmangfold og friluftsliv&nbsp;<\/li>\n\n\n\n<li>Styrke selvforsyningen i et beredskapsperspektiv&nbsp;<\/li>\n\n\n\n<li>Legge til rette for at vi kan dyrke v\u00e5r egen mat og sikre at matjord blir tatt vare p\u00e5.&nbsp;<\/li>\n\n\n\n<li>Ta hensyn til truede arters levesteder ved arealplanlegging og aktiviteter i utmarka<\/li>\n<\/ul>\n\n\n\n<figure class=\"wp-block-image size-large is-resized\"><img loading=\"lazy\" decoding=\"async\" src=\"https:\/\/steigen.sv.no\/wp-content\/uploads\/sites\/73\/2023\/08\/img_20230626_213843-1-768x1024.jpg\" alt=\"\" class=\"wp-image-93\" width=\"839\" height=\"1119\" \/><\/figure>\n\n\n\n<h2 class=\"wp-block-heading has-text-color has-background\" style=\"color:#eb4040;background-color:#f2ebdd\">Kampsaker<\/h2>\n\n\n\n<ul class=\"wp-block-list\">\n<li>Ny E6 i S\u00f8rfold og oppgradering av fylkesveiene&nbsp;<\/li>\n\n\n\n<li>At Knut Hamsun Vgs og Steigenmodellen styrkes&nbsp;<\/li>\n\n\n\n<li>Bygge elevboliger i Bod\u00f8 for v\u00e5re borteboende elever og sikre \u00f8kning i borteboerstipendet&nbsp;<\/li>\n\n\n\n<li>Sikre at det ogs\u00e5 blir bygd gang- og sykkelveier&nbsp;<\/li>\n\n\n\n<li>Jobbe for lavere priser p\u00e5 hurtigb\u00e5ten&nbsp;<\/li>\n\n\n\n<li>Jobbe for et b\u00e5de bedre og mer stabilt hurtigb\u00e5ttilbud, og at hurtigb\u00e5ten g\u00e5r innom der folk bor, inkl. Holkestad&nbsp;<\/li>\n\n\n\n<li>Jobbe for at fylket tar over ansvar for veilys p\u00e5 sine veier&nbsp;<\/li>\n\n\n\n<li>Holde mulighetene \u00e5pne for at Steigen kan delta i fors\u00f8k med el-fly og droner<\/li>\n\n\n\n<li>Jobbe for at personer bosatt i Nord-Norge f\u00e5r ta f\u00f8rerkort gratis&nbsp;<\/li>\n\n\n\n<li>Jobbe for at b\u00f8ndene v\u00e5re for en l\u00f8nn de kan leve av og at kystfiskerne v\u00e5re f\u00e5r tilgang p\u00e5 kvoter til \u00e5 fiske ut fra Steigen&nbsp;<\/li>\n\n\n\n<li>Jobbe for en boligpolitikk for distriktene og som ikke skaper store forskjeller mellom by og land<\/li>\n<\/ul>\n","protected":false},"excerpt":{"rendered":"<p>Steigen SVs tre hovedm\u00e5l de neste 4 \u00e5rene: BEDRE HVERDAG I STEIGEN.Vi kjemper for et samfunn med sm\u00e5 forskjeller hvor ingen fallerutenfor. Da m\u00e5 vi bygge sterke fellesskap og sikre at barna v\u00e5ref\u00e5r en god oppvekst. Da investerer vi b\u00e5de i fremtiden og sikrertilflytting og rekruttering av folk som igjen er n\u00f8dvendig for \u00e5 gien [&hellip;]<\/p>\n","protected":false},"author":118,"featured_media":0,"parent":0,"menu_order":0,"comment_status":"closed","ping_status":"closed","template":"","meta":{"footnotes":""},"categories":[],"tags":[],"class_list":["post-49","page","type-page","status-publish","hentry"],"yoast_head":"<!-- This site is optimized with the Yoast SEO plugin v27.3 - https:\/\/yoast.com\/product\/yoast-seo-wordpress\/ -->\n<title>Valgprogram Steigen SV 2023-2027\u00a0 - Steigen SV<\/title>\n<meta name=\"robots\" content=\"index, follow, max-snippet:-1, max-image-preview:large, max-video-preview:-1\" \/>\n<link rel=\"canonical\" href=\"https:\/\/steigen.sv.no\/\" \/>\n<meta property=\"og:locale\" content=\"nb_NO\" \/>\n<meta property=\"og:type\" content=\"article\" \/>\n<meta property=\"og:title\" content=\"Valgprogram Steigen SV 2023-2027\u00a0 - Steigen SV\" \/>\n<meta property=\"og:description\" content=\"Steigen SVs tre hovedm\u00e5l de neste 4 \u00e5rene: BEDRE HVERDAG I STEIGEN.Vi kjemper for et samfunn med sm\u00e5 forskjeller hvor ingen fallerutenfor. Da m\u00e5 vi bygge sterke fellesskap og sikre at barna v\u00e5ref\u00e5r en god oppvekst. Da investerer vi b\u00e5de i fremtiden og sikrertilflytting og rekruttering av folk som igjen er n\u00f8dvendig for \u00e5 gien [&hellip;]\" \/>\n<meta property=\"og:url\" content=\"https:\/\/steigen.sv.no\/\" \/>\n<meta property=\"og:site_name\" content=\"Steigen SV\" \/>\n<meta property=\"article:modified_time\" content=\"2023-08-07T14:21:53+00:00\" \/>\n<meta property=\"og:image\" content=\"https:\/\/steigen.sv.no\/wp-content\/uploads\/sites\/73\/2023\/08\/img_20180726_220003-1-1024x768.jpg\" \/>\n<meta name=\"twitter:card\" content=\"summary_large_image\" \/>\n<meta name=\"twitter:label1\" content=\"Ansl. lesetid\" \/>\n\t<meta name=\"twitter:data1\" content=\"8 minutter\" \/>\n<script type=\"application\/ld+json\" class=\"yoast-schema-graph\">{\"@context\":\"https:\\\/\\\/schema.org\",\"@graph\":[{\"@type\":\"WebPage\",\"@id\":\"https:\\\/\\\/steigen.sv.no\\\/\",\"url\":\"https:\\\/\\\/steigen.sv.no\\\/\",\"name\":\"Valgprogram Steigen SV 2023-2027\u00a0 - Steigen SV\",\"isPartOf\":{\"@id\":\"https:\\\/\\\/steigen.sv.no\\\/#website\"},\"primaryImageOfPage\":{\"@id\":\"https:\\\/\\\/steigen.sv.no\\\/#primaryimage\"},\"image\":{\"@id\":\"https:\\\/\\\/steigen.sv.no\\\/#primaryimage\"},\"thumbnailUrl\":\"https:\\\/\\\/steigen.sv.no\\\/wp-content\\\/uploads\\\/sites\\\/73\\\/2023\\\/08\\\/img_20180726_220003-1-1024x768.jpg\",\"datePublished\":\"2023-08-04T23:50:45+00:00\",\"dateModified\":\"2023-08-07T14:21:53+00:00\",\"breadcrumb\":{\"@id\":\"https:\\\/\\\/steigen.sv.no\\\/#breadcrumb\"},\"inLanguage\":\"nb-NO\",\"potentialAction\":[{\"@type\":\"ReadAction\",\"target\":[\"https:\\\/\\\/steigen.sv.no\\\/\"]}]},{\"@type\":\"ImageObject\",\"inLanguage\":\"nb-NO\",\"@id\":\"https:\\\/\\\/steigen.sv.no\\\/#primaryimage\",\"url\":\"https:\\\/\\\/steigen.sv.no\\\/wp-content\\\/uploads\\\/sites\\\/73\\\/2023\\\/08\\\/img_20180726_220003-1-1024x768.jpg\",\"contentUrl\":\"https:\\\/\\\/steigen.sv.no\\\/wp-content\\\/uploads\\\/sites\\\/73\\\/2023\\\/08\\\/img_20180726_220003-1-1024x768.jpg\"},{\"@type\":\"BreadcrumbList\",\"@id\":\"https:\\\/\\\/steigen.sv.no\\\/#breadcrumb\",\"itemListElement\":[{\"@type\":\"ListItem\",\"position\":1,\"name\":\"Home\",\"item\":\"https:\\\/\\\/steigen.sv.no\\\/\"},{\"@type\":\"ListItem\",\"position\":2,\"name\":\"Valgprogram Steigen SV 2023-2027\u00a0\"}]},{\"@type\":\"WebSite\",\"@id\":\"https:\\\/\\\/steigen.sv.no\\\/#website\",\"url\":\"https:\\\/\\\/steigen.sv.no\\\/\",\"name\":\"Steigen SV\",\"description\":\"\",\"potentialAction\":[{\"@type\":\"SearchAction\",\"target\":{\"@type\":\"EntryPoint\",\"urlTemplate\":\"https:\\\/\\\/steigen.sv.no\\\/?s={search_term_string}\"},\"query-input\":{\"@type\":\"PropertyValueSpecification\",\"valueRequired\":true,\"valueName\":\"search_term_string\"}}],\"inLanguage\":\"nb-NO\"}]}<\/script>\n<!-- \/ Yoast SEO plugin. -->","yoast_head_json":{"title":"Valgprogram Steigen SV 2023-2027\u00a0 - Steigen SV","robots":{"index":"index","follow":"follow","max-snippet":"max-snippet:-1","max-image-preview":"max-image-preview:large","max-video-preview":"max-video-preview:-1"},"canonical":"https:\/\/steigen.sv.no\/","og_locale":"nb_NO","og_type":"article","og_title":"Valgprogram Steigen SV 2023-2027\u00a0 - Steigen SV","og_description":"Steigen SVs tre hovedm\u00e5l de neste 4 \u00e5rene: BEDRE HVERDAG I STEIGEN.Vi kjemper for et samfunn med sm\u00e5 forskjeller hvor ingen fallerutenfor. Da m\u00e5 vi bygge sterke fellesskap og sikre at barna v\u00e5ref\u00e5r en god oppvekst. Da investerer vi b\u00e5de i fremtiden og sikrertilflytting og rekruttering av folk som igjen er n\u00f8dvendig for \u00e5 gien [&hellip;]","og_url":"https:\/\/steigen.sv.no\/","og_site_name":"Steigen SV","article_modified_time":"2023-08-07T14:21:53+00:00","og_image":[{"url":"https:\/\/steigen.sv.no\/wp-content\/uploads\/sites\/73\/2023\/08\/img_20180726_220003-1-1024x768.jpg","type":"","width":"","height":""}],"twitter_card":"summary_large_image","twitter_misc":{"Ansl. lesetid":"8 minutter"},"schema":{"@context":"https:\/\/schema.org","@graph":[{"@type":"WebPage","@id":"https:\/\/steigen.sv.no\/","url":"https:\/\/steigen.sv.no\/","name":"Valgprogram Steigen SV 2023-2027\u00a0 - Steigen SV","isPartOf":{"@id":"https:\/\/steigen.sv.no\/#website"},"primaryImageOfPage":{"@id":"https:\/\/steigen.sv.no\/#primaryimage"},"image":{"@id":"https:\/\/steigen.sv.no\/#primaryimage"},"thumbnailUrl":"https:\/\/steigen.sv.no\/wp-content\/uploads\/sites\/73\/2023\/08\/img_20180726_220003-1-1024x768.jpg","datePublished":"2023-08-04T23:50:45+00:00","dateModified":"2023-08-07T14:21:53+00:00","breadcrumb":{"@id":"https:\/\/steigen.sv.no\/#breadcrumb"},"inLanguage":"nb-NO","potentialAction":[{"@type":"ReadAction","target":["https:\/\/steigen.sv.no\/"]}]},{"@type":"ImageObject","inLanguage":"nb-NO","@id":"https:\/\/steigen.sv.no\/#primaryimage","url":"https:\/\/steigen.sv.no\/wp-content\/uploads\/sites\/73\/2023\/08\/img_20180726_220003-1-1024x768.jpg","contentUrl":"https:\/\/steigen.sv.no\/wp-content\/uploads\/sites\/73\/2023\/08\/img_20180726_220003-1-1024x768.jpg"},{"@type":"BreadcrumbList","@id":"https:\/\/steigen.sv.no\/#breadcrumb","itemListElement":[{"@type":"ListItem","position":1,"name":"Home","item":"https:\/\/steigen.sv.no\/"},{"@type":"ListItem","position":2,"name":"Valgprogram Steigen SV 2023-2027\u00a0"}]},{"@type":"WebSite","@id":"https:\/\/steigen.sv.no\/#website","url":"https:\/\/steigen.sv.no\/","name":"Steigen SV","description":"","potentialAction":[{"@type":"SearchAction","target":{"@type":"EntryPoint","urlTemplate":"https:\/\/steigen.sv.no\/?s={search_term_string}"},"query-input":{"@type":"PropertyValueSpecification","valueRequired":true,"valueName":"search_term_string"}}],"inLanguage":"nb-NO"}]}},"_links":{"self":[{"href":"https:\/\/steigen.sv.no\/index.php?rest_route=\/wp\/v2\/pages\/49","targetHints":{"allow":["GET"]}}],"collection":[{"href":"https:\/\/steigen.sv.no\/index.php?rest_route=\/wp\/v2\/pages"}],"about":[{"href":"https:\/\/steigen.sv.no\/index.php?rest_route=\/wp\/v2\/types\/page"}],"author":[{"embeddable":true,"href":"https:\/\/steigen.sv.no\/index.php?rest_route=\/wp\/v2\/users\/118"}],"replies":[{"embeddable":true,"href":"https:\/\/steigen.sv.no\/index.php?rest_route=%2Fwp%2Fv2%2Fcomments&post=49"}],"version-history":[{"count":22,"href":"https:\/\/steigen.sv.no\/index.php?rest_route=\/wp\/v2\/pages\/49\/revisions"}],"predecessor-version":[{"id":98,"href":"https:\/\/steigen.sv.no\/index.php?rest_route=\/wp\/v2\/pages\/49\/revisions\/98"}],"wp:attachment":[{"href":"https:\/\/steigen.sv.no\/index.php?rest_route=%2Fwp%2Fv2%2Fmedia&parent=49"}],"wp:term":[{"taxonomy":"category","embeddable":true,"href":"https:\/\/steigen.sv.no\/index.php?rest_route=%2Fwp%2Fv2%2Fcategories&post=49"},{"taxonomy":"post_tag","embeddable":true,"href":"https:\/\/steigen.sv.no\/index.php?rest_route=%2Fwp%2Fv2%2Ftags&post=49"}],"curies":[{"name":"wp","href":"https:\/\/api.w.org\/{rel}","templated":true}]}}